{"id":494,"date":"2026-03-18T09:17:59","date_gmt":"2026-03-18T09:17:59","guid":{"rendered":"https:\/\/test.zozothemes.com\/test6\/nouvelle-lgislation\/"},"modified":"2026-03-18T10:09:55","modified_gmt":"2026-03-18T10:09:55","slug":"nouvelle-lgislation","status":"publish","type":"page","link":"https:\/\/test.zozothemes.com\/test6\/nouvelle-lgislation\/","title":{"rendered":"Nouvelle l\u00e9gislation"},"content":{"rendered":"\t\t<div data-elementor-type=\"wp-page\" data-elementor-id=\"494\" class=\"elementor elementor-494\">\n\t\t\t\t<div class=\"elementor-element elementor-element-366e3f4 e-flex e-con-boxed e-con e-parent\" data-id=\"366e3f4\" data-element_type=\"container\" data-e-type=\"container\" data-settings=\"{&quot;background_background&quot;:&quot;classic&quot;}\">\n\t\t\t\t\t<div class=\"e-con-inner\">\n\t\t\t\t<div class=\"elementor-element elementor-element-a24edde elementor-widget elementor-widget-ceasectiontitle\" data-id=\"a24edde\" data-element_type=\"widget\" data-e-type=\"widget\" data-widget_type=\"ceasectiontitle.default\">\n\t\t\t\t<div class=\"elementor-widget-container\">\n\t\t\t\t\t<div class=\"section-title-wrapper\"><div class=\"title-wrap\"><h2 \r\n\t\t\t\t\tclass=\"section-title none cea-nrml\" \r\n\t\t\t\t\tdata-animation=\"none\" \r\n\t\t\t\t\tdata-anim-speed=\"1s\" \r\n\t\t\t\t\tstyle=\"--nml-anim-speed:1s;\" \r\n\t\t\t\t\t \r\n\t\t\t\t\t>Nouvel examen de permis de conduire et nouvelle formation \u00e0 la conduite dans la R\u00e9gion de Bruxelles-Capitale<\/h2><\/div><!-- .title-wrap --><div class=\"section-description\"><p class=\"section-content\">Gr\u00e2ce \u00e0 une r\u00e9forme importante de la formation \u00e0 la conduite et de l\u2019examen pour l\u2019obtention du permis de conduire, la R\u00e9gion de Bruxelles-Capitale souhaite mieux former et pr\u00e9parer les conducteurs de demain, et a ainsi pour objectif d\u2019am\u00e9liorer la s\u00e9curit\u00e9 routi\u00e8re, de diminuer de mani\u00e8re drastique le nombre de victimes de la route et de r\u00e9pondre davantage aux besoins de la ville. Les adaptations se feront en deux phases.\n\n<\/p><\/div><!-- .section-description --><\/div><!-- .section-title-wrapper -->\t\t\t\t<\/div>\n\t\t\t\t<\/div>\n\t\t<div class=\"elementor-element elementor-element-163ff55 e-con-full e-flex e-con e-child\" data-id=\"163ff55\" data-element_type=\"container\" data-e-type=\"container\">\n\t\t<div class=\"elementor-element elementor-element-78a8d81 e-con-full e-flex e-con e-child\" data-id=\"78a8d81\" data-element_type=\"container\" data-e-type=\"container\">\n\t\t\t\t<div class=\"elementor-element elementor-element-68f4122 elementor-widget elementor-widget-heading\" data-id=\"68f4122\" data-element_type=\"widget\" data-e-type=\"widget\" data-widget_type=\"heading.default\">\n\t\t\t\t\t<h2 class=\"elementor-heading-title elementor-size-default\">DEPUIS LE 30.04.2018\n<\/h2>\t\t\t\t<\/div>\n\t\t\t\t<\/div>\n\t\t\t\t<\/div>\n\t\t\t\t\t<\/div>\n\t\t\t\t<\/div>\n\t\t<div class=\"elementor-element elementor-element-1951469 e-flex e-con-boxed e-con e-parent\" data-id=\"1951469\" data-element_type=\"container\" data-e-type=\"container\" data-settings=\"{&quot;background_background&quot;:&quot;classic&quot;}\">\n\t\t\t\t\t<div class=\"e-con-inner\">\n\t\t<div class=\"elementor-element elementor-element-ea59adc e-con-full e-flex e-con e-child\" data-id=\"ea59adc\" data-element_type=\"container\" data-e-type=\"container\">\n\t\t\t\t<div class=\"elementor-element elementor-element-ef13995 elementor-widget elementor-widget-ceasectiontitle\" data-id=\"ef13995\" data-element_type=\"widget\" data-e-type=\"widget\" data-widget_type=\"ceasectiontitle.default\">\n\t\t\t\t<div class=\"elementor-widget-container\">\n\t\t\t\t\t<div class=\"section-title-wrapper\"><div class=\"title-wrap\"><h3 \r\n\t\t\t\t\tclass=\"section-title none cea-nrml\" \r\n\t\t\t\t\tdata-animation=\"none\" \r\n\t\t\t\t\tdata-anim-speed=\"1s\" \r\n\t\t\t\t\tstyle=\"--nml-anim-speed:1s;\" \r\n\t\t\t\t\t \r\n\t\t\t\t\t>I. Infractions graves \u00e0 l\u2019examen th\u00e9orique (pour la cat\u00e9gorie B uniquement)<\/h3><\/div><!-- .title-wrap --><div class=\"section-description\"><p class=\"section-content\">Dans l\u2019examen th\u00e9orique cat\u00e9gorie B, une distinction est faite entre les infractions graves et les fautes mineures. Ceci a \u00e9galement \u00e9t\u00e9 introduit en Flandre et en Wallonie.<br><br>\n\nL\u2019examen th\u00e9orique consistera toujours en 50 questions, o\u00f9 le candidat doit obtenir un mimimum de 41\/50 pour r\u00e9ussir. 5 points sont retir\u00e9s en cas d\u2019infraction grave, et 1 point pour une faute mineure. Le candidat peut donc faire maximum 9 fautes mineures ou 1 faute grave et 4 mineures. A partir de 2 infractions graves, le candidat a \u00e9chou\u00e9.\n\n<\/p><\/div><!-- .section-description --><\/div><!-- .section-title-wrapper -->\t\t\t\t<\/div>\n\t\t\t\t<\/div>\n\t\t\t\t<\/div>\n\t\t<div class=\"elementor-element elementor-element-36beb8f e-con-full e-flex e-con e-child\" data-id=\"36beb8f\" data-element_type=\"container\" data-e-type=\"container\">\n\t\t\t\t<div class=\"elementor-element elementor-element-071e999 elementor-widget elementor-widget-ceasectiontitle\" data-id=\"071e999\" data-element_type=\"widget\" data-e-type=\"widget\" data-widget_type=\"ceasectiontitle.default\">\n\t\t\t\t<div class=\"elementor-widget-container\">\n\t\t\t\t\t<div class=\"section-title-wrapper\"><div class=\"title-wrap\"><h3 \r\n\t\t\t\t\tclass=\"section-title none cea-nrml\" \r\n\t\t\t\t\tdata-animation=\"none\" \r\n\t\t\t\t\tdata-anim-speed=\"1s\" \r\n\t\t\t\t\tstyle=\"--nml-anim-speed:1s;\" \r\n\t\t\t\t\t \r\n\t\t\t\t\t>II. Examen avec interpr\u00e8te (pour toutes les cat\u00e9gories)<\/h3><\/div><!-- .title-wrap --><div class=\"section-description\"><p class=\"section-content\">En R\u00e9gion bruxelloise, il est possible pour le candidat de passer l\u2019examen th\u00e9orique et pratique en n\u00e9erlandais ou en fran\u00e7ais. Le candidat qui ne ma\u00eetrise aucune de ces deux langues peut passer l\u2019examen soit en anglais soit en allemand avec l\u2019assistance d\u2019un interpr\u00e8te d\u00e9sign\u00e9 par le centre d\u2019examen parmi les traducteurs-jur\u00e9s.\n\n<\/p><\/div><!-- .section-description --><\/div><!-- .section-title-wrapper -->\t\t\t\t<\/div>\n\t\t\t\t<\/div>\n\t\t\t\t<\/div>\n\t\t<div class=\"elementor-element elementor-element-598c1f1 e-con-full e-flex e-con e-child\" data-id=\"598c1f1\" data-element_type=\"container\" data-e-type=\"container\">\n\t\t\t\t<div class=\"elementor-element elementor-element-dbe834b elementor-widget elementor-widget-ceasectiontitle\" data-id=\"dbe834b\" data-element_type=\"widget\" data-e-type=\"widget\" data-widget_type=\"ceasectiontitle.default\">\n\t\t\t\t<div class=\"elementor-widget-container\">\n\t\t\t\t\t<div class=\"section-title-wrapper\"><div class=\"title-wrap\"><h3 \r\n\t\t\t\t\tclass=\"section-title none cea-nrml\" \r\n\t\t\t\t\tdata-animation=\"none\" \r\n\t\t\t\t\tdata-anim-speed=\"1s\" \r\n\t\t\t\t\tstyle=\"--nml-anim-speed:1s;\" \r\n\t\t\t\t\t \r\n\t\t\t\t\t>III. Sanctions en cas de fraude ou perturbation pendant l\u2019examen th\u00e9orique (pour toutes les cat\u00e9gories)<\/h3><\/div><!-- .title-wrap --><div class=\"section-description\"><p class=\"section-content\">La R\u00e9gion de Bruxelles-Capitale a d\u00e9cid\u00e9 d\u2019imposer des sanctions suppl\u00e9mentaires aux candidats surpris de fraude ou de comportement perturbateur. Dans les deux cas, les candidats n\u2019ont pas r\u00e9ussi l\u2019examen et sont exclus de toute participation \u00e0 cet examen:\n<\/p><\/div><!-- .section-description --><\/div><!-- .section-title-wrapper -->\t\t\t\t<\/div>\n\t\t\t\t<\/div>\n\t\t\t\t<div class=\"elementor-element elementor-element-2d97899 elementor-icon-list--layout-traditional elementor-list-item-link-full_width elementor-widget elementor-widget-icon-list\" data-id=\"2d97899\" data-element_type=\"widget\" data-e-type=\"widget\" data-widget_type=\"icon-list.default\">\n\t\t\t\t\t\t\t<ul class=\"elementor-icon-list-items\">\n\t\t\t\t\t\t\t<li class=\"elementor-icon-list-item\">\n\t\t\t\t\t\t\t\t\t\t\t<span class=\"elementor-icon-list-icon\">\n\t\t\t\t\t\t\t<i aria-hidden=\"true\" class=\" bi-dot\"><\/i>\t\t\t\t\t\t<\/span>\n\t\t\t\t\t\t\t\t\t\t<span class=\"elementor-icon-list-text\">pour une p\u00e9riode d\u2019un an en cas de fraude;<\/span>\n\t\t\t\t\t\t\t\t\t<\/li>\n\t\t\t\t\t\t\t\t<li class=\"elementor-icon-list-item\">\n\t\t\t\t\t\t\t\t\t\t\t<span class=\"elementor-icon-list-icon\">\n\t\t\t\t\t\t\t<i aria-hidden=\"true\" class=\" bi-dot\"><\/i>\t\t\t\t\t\t<\/span>\n\t\t\t\t\t\t\t\t\t\t<span class=\"elementor-icon-list-text\">pour une p\u00e9riode de six mois en cas de perturbation.<\/span>\n\t\t\t\t\t\t\t\t\t<\/li>\n\t\t\t\t\t\t<\/ul>\n\t\t\t\t\t\t<\/div>\n\t\t\t\t<\/div>\n\t\t<div class=\"elementor-element elementor-element-e8ae0f3 e-con-full e-flex e-con e-child\" data-id=\"e8ae0f3\" data-element_type=\"container\" data-e-type=\"container\">\n\t\t\t\t<div class=\"elementor-element elementor-element-aeceba0 elementor-widget elementor-widget-heading\" data-id=\"aeceba0\" data-element_type=\"widget\" data-e-type=\"widget\" data-widget_type=\"heading.default\">\n\t\t\t\t\t<h2 class=\"elementor-heading-title elementor-size-default\">A PARTIR DU 01.11.2018<\/h2>\t\t\t\t<\/div>\n\t\t<div class=\"elementor-element elementor-element-6af85d7 e-con-full e-flex e-con e-child\" data-id=\"6af85d7\" data-element_type=\"container\" data-e-type=\"container\">\n\t\t\t\t<div class=\"elementor-element elementor-element-7955b65 elementor-widget elementor-widget-ceasectiontitle\" data-id=\"7955b65\" data-element_type=\"widget\" data-e-type=\"widget\" data-widget_type=\"ceasectiontitle.default\">\n\t\t\t\t<div class=\"elementor-widget-container\">\n\t\t\t\t\t<div class=\"section-title-wrapper\"><div class=\"title-wrap\"><h3 \r\n\t\t\t\t\tclass=\"section-title none cea-nrml\" \r\n\t\t\t\t\tdata-animation=\"none\" \r\n\t\t\t\t\tdata-anim-speed=\"1s\" \r\n\t\t\t\t\tstyle=\"--nml-anim-speed:1s;\" \r\n\t\t\t\t\t \r\n\t\t\t\t\t>I. Quatre parcours de formation pratiques (au lieu de deux parcours actuellement)<\/h3><\/div><!-- .title-wrap --><div class=\"section-description\"><p class=\"section-content\">1.Stage de min. 9 mois\n<\/p><\/div><!-- .section-description --><\/div><!-- .section-title-wrapper -->\t\t\t\t<\/div>\n\t\t\t\t<\/div>\n\t\t\t\t<div class=\"elementor-element elementor-element-ff96021 elementor-icon-list--layout-traditional elementor-list-item-link-full_width elementor-widget elementor-widget-icon-list\" data-id=\"ff96021\" data-element_type=\"widget\" data-e-type=\"widget\" data-widget_type=\"icon-list.default\">\n\t\t\t\t\t\t\t<ul class=\"elementor-icon-list-items\">\n\t\t\t\t\t\t\t<li class=\"elementor-icon-list-item\">\n\t\t\t\t\t\t\t\t\t\t\t<span class=\"elementor-icon-list-icon\">\n\t\t\t\t\t\t\t<i aria-hidden=\"true\" class=\" bi-dot\"><\/i>\t\t\t\t\t\t<\/span>\n\t\t\t\t\t\t\t\t\t\t<span class=\"elementor-icon-list-text\">Avec guide<\/span>\n\t\t\t\t\t\t\t\t\t<\/li>\n\t\t\t\t\t\t\t\t<li class=\"elementor-icon-list-item\">\n\t\t\t\t\t\t\t\t\t\t\t<span class=\"elementor-icon-list-icon\">\n\t\t\t\t\t\t\t<i aria-hidden=\"true\" class=\" bi-dot\"><\/i>\t\t\t\t\t\t<\/span>\n\t\t\t\t\t\t\t\t\t\t<span class=\"elementor-icon-list-text\">sans cours de conduite en auto-\u00e9cole obligatoires<\/span>\n\t\t\t\t\t\t\t\t\t<\/li>\n\t\t\t\t\t\t<\/ul>\n\t\t\t\t\t\t<\/div>\n\t\t\t\t<\/div>\n\t\t<div class=\"elementor-element elementor-element-3ce6e57 e-con-full e-flex e-con e-child\" data-id=\"3ce6e57\" data-element_type=\"container\" data-e-type=\"container\">\n\t\t\t\t<div class=\"elementor-element elementor-element-c5f0536 elementor-widget elementor-widget-ceasectiontitle\" data-id=\"c5f0536\" data-element_type=\"widget\" data-e-type=\"widget\" data-widget_type=\"ceasectiontitle.default\">\n\t\t\t\t<div class=\"elementor-widget-container\">\n\t\t\t\t\t<div class=\"section-title-wrapper\"><div class=\"title-wrap\"><h3 \r\n\t\t\t\t\tclass=\"section-title none cea-nrml\" \r\n\t\t\t\t\tdata-animation=\"none\" \r\n\t\t\t\t\tdata-anim-speed=\"1s\" \r\n\t\t\t\t\tstyle=\"--nml-anim-speed:1s;\" \r\n\t\t\t\t\t \r\n\t\t\t\t\t><\/h3><\/div><!-- .title-wrap --><div class=\"section-description\"><p class=\"section-content\">2.Stage de min. 6 mois\n<\/p><\/div><!-- .section-description --><\/div><!-- .section-title-wrapper -->\t\t\t\t<\/div>\n\t\t\t\t<\/div>\n\t\t\t\t<div class=\"elementor-element elementor-element-91f20dd elementor-icon-list--layout-traditional elementor-list-item-link-full_width elementor-widget elementor-widget-icon-list\" data-id=\"91f20dd\" data-element_type=\"widget\" data-e-type=\"widget\" data-widget_type=\"icon-list.default\">\n\t\t\t\t\t\t\t<ul class=\"elementor-icon-list-items\">\n\t\t\t\t\t\t\t<li class=\"elementor-icon-list-item\">\n\t\t\t\t\t\t\t\t\t\t\t<span class=\"elementor-icon-list-icon\">\n\t\t\t\t\t\t\t<i aria-hidden=\"true\" class=\" bi-dot\"><\/i>\t\t\t\t\t\t<\/span>\n\t\t\t\t\t\t\t\t\t\t<span class=\"elementor-icon-list-text\">Avec guide<\/span>\n\t\t\t\t\t\t\t\t\t<\/li>\n\t\t\t\t\t\t\t\t<li class=\"elementor-icon-list-item\">\n\t\t\t\t\t\t\t\t\t\t\t<span class=\"elementor-icon-list-icon\">\n\t\t\t\t\t\t\t<i aria-hidden=\"true\" class=\" bi-dot\"><\/i>\t\t\t\t\t\t<\/span>\n\t\t\t\t\t\t\t\t\t\t<span class=\"elementor-icon-list-text\">Minimum 14 heures de cours de conduite en auto-\u00e9cole<\/span>\n\t\t\t\t\t\t\t\t\t<\/li>\n\t\t\t\t\t\t<\/ul>\n\t\t\t\t\t\t<\/div>\n\t\t\t\t<\/div>\n\t\t<div class=\"elementor-element elementor-element-30dc1bb e-con-full e-flex e-con e-child\" data-id=\"30dc1bb\" data-element_type=\"container\" data-e-type=\"container\">\n\t\t\t\t<div class=\"elementor-element elementor-element-e93c530 elementor-widget elementor-widget-ceasectiontitle\" data-id=\"e93c530\" data-element_type=\"widget\" data-e-type=\"widget\" data-widget_type=\"ceasectiontitle.default\">\n\t\t\t\t<div class=\"elementor-widget-container\">\n\t\t\t\t\t<div class=\"section-title-wrapper\"><div class=\"title-wrap\"><h3 \r\n\t\t\t\t\tclass=\"section-title none cea-nrml\" \r\n\t\t\t\t\tdata-animation=\"none\" \r\n\t\t\t\t\tdata-anim-speed=\"1s\" \r\n\t\t\t\t\tstyle=\"--nml-anim-speed:1s;\" \r\n\t\t\t\t\t \r\n\t\t\t\t\t><\/h3><\/div><!-- .title-wrap --><div class=\"section-description\"><p class=\"section-content\">3.Stage de min. 3 mois\n<\/p><\/div><!-- .section-description --><\/div><!-- .section-title-wrapper -->\t\t\t\t<\/div>\n\t\t\t\t<\/div>\n\t\t\t\t<div class=\"elementor-element elementor-element-d9650d2 elementor-icon-list--layout-traditional elementor-list-item-link-full_width elementor-widget elementor-widget-icon-list\" data-id=\"d9650d2\" data-element_type=\"widget\" data-e-type=\"widget\" data-widget_type=\"icon-list.default\">\n\t\t\t\t\t\t\t<ul class=\"elementor-icon-list-items\">\n\t\t\t\t\t\t\t<li class=\"elementor-icon-list-item\">\n\t\t\t\t\t\t\t\t\t\t\t<span class=\"elementor-icon-list-icon\">\n\t\t\t\t\t\t\t<i aria-hidden=\"true\" class=\" bi-dot\"><\/i>\t\t\t\t\t\t<\/span>\n\t\t\t\t\t\t\t\t\t\t<span class=\"elementor-icon-list-text\">Sans guide<\/span>\n\t\t\t\t\t\t\t\t\t<\/li>\n\t\t\t\t\t\t\t\t<li class=\"elementor-icon-list-item\">\n\t\t\t\t\t\t\t\t\t\t\t<span class=\"elementor-icon-list-icon\">\n\t\t\t\t\t\t\t<i aria-hidden=\"true\" class=\" bi-dot\"><\/i>\t\t\t\t\t\t<\/span>\n\t\t\t\t\t\t\t\t\t\t<span class=\"elementor-icon-list-text\">Minimum 20 heures de cours de conduite en auto-\u00e9cole<\/span>\n\t\t\t\t\t\t\t\t\t<\/li>\n\t\t\t\t\t\t<\/ul>\n\t\t\t\t\t\t<\/div>\n\t\t\t\t<\/div>\n\t\t<div class=\"elementor-element elementor-element-6fe6e36 e-con-full e-flex e-con e-child\" data-id=\"6fe6e36\" data-element_type=\"container\" data-e-type=\"container\">\n\t\t\t\t<div class=\"elementor-element elementor-element-5d8d6cb elementor-widget elementor-widget-ceasectiontitle\" data-id=\"5d8d6cb\" data-element_type=\"widget\" data-e-type=\"widget\" data-widget_type=\"ceasectiontitle.default\">\n\t\t\t\t<div class=\"elementor-widget-container\">\n\t\t\t\t\t<div class=\"section-title-wrapper\"><div class=\"title-wrap\"><h3 \r\n\t\t\t\t\tclass=\"section-title none cea-nrml\" \r\n\t\t\t\t\tdata-animation=\"none\" \r\n\t\t\t\t\tdata-anim-speed=\"1s\" \r\n\t\t\t\t\tstyle=\"--nml-anim-speed:1s;\" \r\n\t\t\t\t\t \r\n\t\t\t\t\t><\/h3><\/div><!-- .title-wrap --><div class=\"section-description\"><p class=\"section-content\">4.Pas de stage (donc pas de permis de conduire provisoire)<\/p><\/div><!-- .section-description --><\/div><!-- .section-title-wrapper -->\t\t\t\t<\/div>\n\t\t\t\t<\/div>\n\t\t\t\t<div class=\"elementor-element elementor-element-9cc4682 elementor-icon-list--layout-traditional elementor-list-item-link-full_width elementor-widget elementor-widget-icon-list\" data-id=\"9cc4682\" data-element_type=\"widget\" data-e-type=\"widget\" data-widget_type=\"icon-list.default\">\n\t\t\t\t\t\t\t<ul class=\"elementor-icon-list-items\">\n\t\t\t\t\t\t\t<li class=\"elementor-icon-list-item\">\n\t\t\t\t\t\t\t\t\t\t\t<span class=\"elementor-icon-list-icon\">\n\t\t\t\t\t\t\t<i aria-hidden=\"true\" class=\" bi-dot\"><\/i>\t\t\t\t\t\t<\/span>\n\t\t\t\t\t\t\t\t\t\t<span class=\"elementor-icon-list-text\">Sans guide<\/span>\n\t\t\t\t\t\t\t\t\t<\/li>\n\t\t\t\t\t\t\t\t<li class=\"elementor-icon-list-item\">\n\t\t\t\t\t\t\t\t\t\t\t<span class=\"elementor-icon-list-icon\">\n\t\t\t\t\t\t\t<i aria-hidden=\"true\" class=\" bi-dot\"><\/i>\t\t\t\t\t\t<\/span>\n\t\t\t\t\t\t\t\t\t\t<span class=\"elementor-icon-list-text\">Minimum 30 heures de cours de conduite en auto-\u00e9cole<\/span>\n\t\t\t\t\t\t\t\t\t<\/li>\n\t\t\t\t\t\t<\/ul>\n\t\t\t\t\t\t<\/div>\n\t\t\t\t<\/div>\n\t\t\t\t<\/div>\n\t\t<div class=\"elementor-element elementor-element-6f0a6a3 e-con-full e-flex e-con e-child\" data-id=\"6f0a6a3\" data-element_type=\"container\" data-e-type=\"container\">\n\t\t<div class=\"elementor-element elementor-element-75306f7 e-con-full e-flex e-con e-child\" data-id=\"75306f7\" data-element_type=\"container\" data-e-type=\"container\">\n\t\t\t\t<div class=\"elementor-element elementor-element-666866d elementor-widget elementor-widget-heading\" data-id=\"666866d\" data-element_type=\"widget\" data-e-type=\"widget\" data-widget_type=\"heading.default\">\n\t\t\t\t\t<h2 class=\"elementor-heading-title elementor-size-default\">La dur\u00e9e maximale du stage, quel que soit le parcours choisi, s\u2019\u00e9l\u00e8vera toujours \u00e0 18 mois.\n\n<\/h2>\t\t\t\t<\/div>\n\t\t\t\t<div class=\"elementor-element elementor-element-f887d8b elementor-widget elementor-widget-ceasectiontitle\" data-id=\"f887d8b\" data-element_type=\"widget\" data-e-type=\"widget\" data-widget_type=\"ceasectiontitle.default\">\n\t\t\t\t<div class=\"elementor-widget-container\">\n\t\t\t\t\t<div class=\"section-title-wrapper\"><div class=\"title-wrap\"><h3 \r\n\t\t\t\t\tclass=\"section-title none cea-nrml\" \r\n\t\t\t\t\tdata-animation=\"none\" \r\n\t\t\t\t\tdata-anim-speed=\"1s\" \r\n\t\t\t\t\tstyle=\"--nml-anim-speed:1s;\" \r\n\t\t\t\t\t \r\n\t\t\t\t\t>II. Formation premiers secours<\/h3><\/div><!-- .title-wrap --><div class=\"section-description\"><p class=\"section-content\">A Bruxelles, les candidats-conducteurs devront suivre une formation aux premiers secours obligatoire afin d\u2019obtenir le permis cat\u00e9gorie B. Lors de cette formation, le candidat apprendra entre autres comment r\u00e9agir au mieux en cas d\u2019accident de la route.\n<br><br>\nLes candidats-conducteurs qui ont un permis de conduire provisoire, d\u00e9livr\u00e9 avant la date du 1er novembre 2018, ne doivent pas suivre cette formation.<br><br>\n\nPour plus d\u2019informations: www.premierssecoursenroute.brussels\n\n<\/p><\/div><!-- .section-description --><\/div><!-- .section-title-wrapper -->\t\t\t\t<\/div>\n\t\t\t\t<\/div>\n\t\t\t\t<\/div>\n\t\t<div class=\"elementor-element elementor-element-ad98a79 e-con-full e-flex e-con e-child\" data-id=\"ad98a79\" data-element_type=\"container\" data-e-type=\"container\">\n\t\t\t\t<div class=\"elementor-element elementor-element-d187d0c elementor-widget elementor-widget-ceasectiontitle\" data-id=\"d187d0c\" data-element_type=\"widget\" data-e-type=\"widget\" data-widget_type=\"ceasectiontitle.default\">\n\t\t\t\t<div class=\"elementor-widget-container\">\n\t\t\t\t\t<div class=\"section-title-wrapper\"><div class=\"title-wrap\"><h3 \r\n\t\t\t\t\tclass=\"section-title none cea-nrml\" \r\n\t\t\t\t\tdata-animation=\"none\" \r\n\t\t\t\t\tdata-anim-speed=\"1s\" \r\n\t\t\t\t\tstyle=\"--nml-anim-speed:1s;\" \r\n\t\t\t\t\t \r\n\t\t\t\t\t>III. Test de perception des risques \u00e0 l\u2019examen pratique<\/h3><\/div><!-- .title-wrap --><div class=\"section-description\"><p class=\"section-content\">Le test de perception des risques est une nouvelle \u00e9preuve de l\u2019examen pratique, ind\u00e9pendamment de la fili\u00e8re choisie. L\u2019examen pratique se composera d\u00e9sormais de deux volets: le test de perception des risques et l\u2019\u00e9preuve sur la voie publique. Vous devez d\u2019abord r\u00e9ussir le test de perception des risques. Il s\u2019agit d\u2019une condition d\u2019acc\u00e8s \u00e0 l\u2019\u00e9preuve sur la voie publique.<br><br>L\u2019\u00e9preuve se d\u00e9roule par ordinateur. Vous \u00eates confront\u00e9s \u00e0 diff\u00e9rentes situations de circulation dans lesquelles vous devez identifier les dangers qui se pr\u00e9sentent. Votre temps de r\u00e9action et votre connaissance du code de la route ne sont pas \u00e9valu\u00e9s.\n\n\n\n<\/p><\/div><!-- .section-description --><\/div><!-- .section-title-wrapper -->\t\t\t\t<\/div>\n\t\t\t\t<\/div>\n\t\t\t\t<\/div>\n\t\t<div class=\"elementor-element elementor-element-027819e e-con-full e-flex e-con e-child\" data-id=\"027819e\" data-element_type=\"container\" data-e-type=\"container\">\n\t\t\t\t<div class=\"elementor-element elementor-element-08e1ce3 elementor-widget elementor-widget-ceasectiontitle\" data-id=\"08e1ce3\" data-element_type=\"widget\" data-e-type=\"widget\" data-widget_type=\"ceasectiontitle.default\">\n\t\t\t\t<div class=\"elementor-widget-container\">\n\t\t\t\t\t<div class=\"section-title-wrapper\"><div class=\"title-wrap\"><h3 \r\n\t\t\t\t\tclass=\"section-title none cea-nrml\" \r\n\t\t\t\t\tdata-animation=\"none\" \r\n\t\t\t\t\tdata-anim-speed=\"1s\" \r\n\t\t\t\t\tstyle=\"--nml-anim-speed:1s;\" \r\n\t\t\t\t\t \r\n\t\t\t\t\t>IV. Manuel pratique pour les guides et carnet de bord pour les candidats-conducteurs<\/h3><\/div><!-- .title-wrap --><div class=\"section-description\"><p class=\"section-content\">La R\u00e9gion de Bruxelles-Capitale d\u00e9veloppera un manuel contenant des conseils utiles. Ce manuel sera mis \u00e0 la disposition de toutes les personnes faisant office de guide pour un candidat-conducteur.<br>\nLes candidats-conducteurs m\u00eames devront tenir \u00e0 jour un carnet de bord reprenant entre autres le nombre de kilom\u00e8tres parcourus et les circonstances de conduite (par ex.: conditions climatiques, plages horaires, densit\u00e9 du trafic, \u2026).\n\n<\/p><\/div><!-- .section-description --><\/div><!-- .section-title-wrapper -->\t\t\t\t<\/div>\n\t\t\t\t<\/div>\n\t\t\t\t<\/div>\n\t\t<div class=\"elementor-element elementor-element-919e86f e-con-full e-flex e-con e-child\" data-id=\"919e86f\" data-element_type=\"container\" data-e-type=\"container\">\n\t\t\t\t<div class=\"elementor-element elementor-element-7aeea5a elementor-widget elementor-widget-ceasectiontitle\" data-id=\"7aeea5a\" data-element_type=\"widget\" data-e-type=\"widget\" data-widget_type=\"ceasectiontitle.default\">\n\t\t\t\t<div class=\"elementor-widget-container\">\n\t\t\t\t\t<div class=\"section-title-wrapper\"><div class=\"title-wrap\"><h3 \r\n\t\t\t\t\tclass=\"section-title none cea-nrml\" \r\n\t\t\t\t\tdata-animation=\"none\" \r\n\t\t\t\t\tdata-anim-speed=\"1s\" \r\n\t\t\t\t\tstyle=\"--nml-anim-speed:1s;\" \r\n\t\t\t\t\t \r\n\t\t\t\t\t>V. Sanctions en cas de fraude ou perturbation pendant l\u2019examen pratique<\/h3><\/div><!-- .title-wrap --><div class=\"section-description\"><p class=\"section-content\">La R\u00e9gion de Bruxelles-Capitale a d\u00e9cid\u00e9 d\u2019imposer des sanctions suppl\u00e9mentaires aux candidats surpris de fraude ou de comportement perturbateur. Dans les deux cas, les candidats n\u2019auront pas r\u00e9ussi l\u2019examen et seront exclus de toute participation \u00e0 cet examen:\n<\/p><\/div><!-- .section-description --><\/div><!-- .section-title-wrapper -->\t\t\t\t<\/div>\n\t\t\t\t<\/div>\n\t\t\t\t<div class=\"elementor-element elementor-element-470741e elementor-icon-list--layout-traditional elementor-list-item-link-full_width elementor-widget elementor-widget-icon-list\" data-id=\"470741e\" data-element_type=\"widget\" data-e-type=\"widget\" data-widget_type=\"icon-list.default\">\n\t\t\t\t\t\t\t<ul class=\"elementor-icon-list-items\">\n\t\t\t\t\t\t\t<li class=\"elementor-icon-list-item\">\n\t\t\t\t\t\t\t\t\t\t\t<span class=\"elementor-icon-list-icon\">\n\t\t\t\t\t\t\t<i aria-hidden=\"true\" class=\" bi-dot\"><\/i>\t\t\t\t\t\t<\/span>\n\t\t\t\t\t\t\t\t\t\t<span class=\"elementor-icon-list-text\">pour une p\u00e9riode d\u2019un an en cas de fraude;<\/span>\n\t\t\t\t\t\t\t\t\t<\/li>\n\t\t\t\t\t\t\t\t<li class=\"elementor-icon-list-item\">\n\t\t\t\t\t\t\t\t\t\t\t<span class=\"elementor-icon-list-icon\">\n\t\t\t\t\t\t\t<i aria-hidden=\"true\" class=\" bi-dot\"><\/i>\t\t\t\t\t\t<\/span>\n\t\t\t\t\t\t\t\t\t\t<span class=\"elementor-icon-list-text\">pour une p\u00e9riode de six mois en cas de perturbation.<\/span>\n\t\t\t\t\t\t\t\t\t<\/li>\n\t\t\t\t\t\t<\/ul>\n\t\t\t\t\t\t<\/div>\n\t\t\t\t<\/div>\n\t\t\t\t<\/div>\n\t\t\t\t\t<\/div>\n\t\t\t\t<\/div>\n\t\t<div class=\"elementor-element elementor-element-b44d997 e-flex e-con-boxed e-con e-parent\" data-id=\"b44d997\" data-element_type=\"container\" data-e-type=\"container\">\n\t\t\t\t\t<div class=\"e-con-inner\">\n\t\t\t\t<div class=\"elementor-element elementor-element-77fe0ec elementor-widget elementor-widget-image\" data-id=\"77fe0ec\" data-element_type=\"widget\" data-e-type=\"widget\" data-widget_type=\"image.default\">\n\t\t\t\t\t\t\t\t\t\t\t\t\t\t\t<img loading=\"lazy\" decoding=\"async\" width=\"900\" height=\"1224\" src=\"https:\/\/test.zozothemes.com\/test6\/wp-content\/uploads\/2026\/03\/Infographie_Permis_de_conduire_Bxl_2018_final.jpg\" class=\"attachment-full size-full wp-image-506\" alt=\"\" srcset=\"https:\/\/test.zozothemes.com\/test6\/wp-content\/uploads\/2026\/03\/Infographie_Permis_de_conduire_Bxl_2018_final.jpg 900w, https:\/\/test.zozothemes.com\/test6\/wp-content\/uploads\/2026\/03\/Infographie_Permis_de_conduire_Bxl_2018_final-768x1044.jpg 768w\" sizes=\"auto, (max-width: 900px) 100vw, 900px\" \/>\t\t\t\t\t\t\t\t\t\t\t\t\t\t\t<\/div>\n\t\t\t\t\t<\/div>\n\t\t\t\t<\/div>\n\t\t\t\t<\/div>\n\t\t","protected":false},"excerpt":{"rendered":"<p>Nouvel examen de permis de conduire et nouvelle formation \u00e0 la conduite dans la R\u00e9gion de Bruxelles-Capitale Gr\u00e2ce \u00e0 une r\u00e9forme importante de la formation \u00e0..<\/p>\n","protected":false},"author":1,"featured_media":0,"parent":0,"menu_order":0,"comment_status":"closed","ping_status":"closed","template":"","meta":{"footnotes":""},"class_list":["post-494","page","type-page","status-publish","hentry"],"yoast_head":"<!-- This site is optimized with the Yoast SEO plugin v27.4 - https:\/\/yoast.com\/product\/yoast-seo-wordpress\/ -->\n<title>Nouvelle l\u00e9gislation - Autoecolehorizon.be<\/title>\n<meta name=\"robots\" content=\"index, follow, max-snippet:-1, max-image-preview:large, max-video-preview:-1\" \/>\n<link rel=\"canonical\" href=\"https:\/\/test.zozothemes.com\/test6\/nouvelle-lgislation\/\" \/>\n<meta property=\"og:locale\" content=\"fr_FR\" \/>\n<meta property=\"og:type\" content=\"article\" \/>\n<meta property=\"og:title\" content=\"Nouvelle l\u00e9gislation - Autoecolehorizon.be\" \/>\n<meta property=\"og:description\" content=\"Nouvel examen de permis de conduire et nouvelle formation \u00e0 la conduite dans la R\u00e9gion de Bruxelles-Capitale Gr\u00e2ce \u00e0 une r\u00e9forme importante de la formation \u00e0..\" \/>\n<meta property=\"og:url\" content=\"https:\/\/test.zozothemes.com\/test6\/nouvelle-lgislation\/\" \/>\n<meta property=\"og:site_name\" content=\"Autoecolehorizon.be\" \/>\n<meta property=\"article:modified_time\" content=\"2026-03-18T10:09:55+00:00\" \/>\n<meta property=\"og:image\" content=\"https:\/\/test.zozothemes.com\/test6\/wp-content\/uploads\/2026\/03\/Infographie_Permis_de_conduire_Bxl_2018_final.jpg\" \/>\n<meta name=\"twitter:card\" content=\"summary_large_image\" \/>\n<meta name=\"twitter:label1\" content=\"Dur\u00e9e de lecture estim\u00e9e\" \/>\n\t<meta name=\"twitter:data1\" content=\"4 minutes\" \/>\n<script type=\"application\/ld+json\" class=\"yoast-schema-graph\">{\"@context\":\"https:\\\/\\\/schema.org\",\"@graph\":[{\"@type\":\"WebPage\",\"@id\":\"https:\\\/\\\/test.zozothemes.com\\\/test6\\\/nouvelle-lgislation\\\/\",\"url\":\"https:\\\/\\\/test.zozothemes.com\\\/test6\\\/nouvelle-lgislation\\\/\",\"name\":\"Nouvelle l\u00e9gislation - Autoecolehorizon.be\",\"isPartOf\":{\"@id\":\"https:\\\/\\\/test.zozothemes.com\\\/test6\\\/#website\"},\"primaryImageOfPage\":{\"@id\":\"https:\\\/\\\/test.zozothemes.com\\\/test6\\\/nouvelle-lgislation\\\/#primaryimage\"},\"image\":{\"@id\":\"https:\\\/\\\/test.zozothemes.com\\\/test6\\\/nouvelle-lgislation\\\/#primaryimage\"},\"thumbnailUrl\":\"https:\\\/\\\/test.zozothemes.com\\\/test6\\\/wp-content\\\/uploads\\\/2026\\\/03\\\/Infographie_Permis_de_conduire_Bxl_2018_final.jpg\",\"datePublished\":\"2026-03-18T09:17:59+00:00\",\"dateModified\":\"2026-03-18T10:09:55+00:00\",\"breadcrumb\":{\"@id\":\"https:\\\/\\\/test.zozothemes.com\\\/test6\\\/nouvelle-lgislation\\\/#breadcrumb\"},\"inLanguage\":\"fr-FR\",\"potentialAction\":[{\"@type\":\"ReadAction\",\"target\":[\"https:\\\/\\\/test.zozothemes.com\\\/test6\\\/nouvelle-lgislation\\\/\"]}]},{\"@type\":\"ImageObject\",\"inLanguage\":\"fr-FR\",\"@id\":\"https:\\\/\\\/test.zozothemes.com\\\/test6\\\/nouvelle-lgislation\\\/#primaryimage\",\"url\":\"https:\\\/\\\/test.zozothemes.com\\\/test6\\\/wp-content\\\/uploads\\\/2026\\\/03\\\/Infographie_Permis_de_conduire_Bxl_2018_final.jpg\",\"contentUrl\":\"https:\\\/\\\/test.zozothemes.com\\\/test6\\\/wp-content\\\/uploads\\\/2026\\\/03\\\/Infographie_Permis_de_conduire_Bxl_2018_final.jpg\",\"width\":900,\"height\":1224},{\"@type\":\"BreadcrumbList\",\"@id\":\"https:\\\/\\\/test.zozothemes.com\\\/test6\\\/nouvelle-lgislation\\\/#breadcrumb\",\"itemListElement\":[{\"@type\":\"ListItem\",\"position\":1,\"name\":\"Home\",\"item\":\"https:\\\/\\\/test.zozothemes.com\\\/test6\\\/\"},{\"@type\":\"ListItem\",\"position\":2,\"name\":\"Nouvelle l\u00e9gislation\"}]},{\"@type\":\"WebSite\",\"@id\":\"https:\\\/\\\/test.zozothemes.com\\\/test6\\\/#website\",\"url\":\"https:\\\/\\\/test.zozothemes.com\\\/test6\\\/\",\"name\":\"Autoecolehorizon.be\",\"description\":\"\",\"potentialAction\":[{\"@type\":\"SearchAction\",\"target\":{\"@type\":\"EntryPoint\",\"urlTemplate\":\"https:\\\/\\\/test.zozothemes.com\\\/test6\\\/?s={search_term_string}\"},\"query-input\":{\"@type\":\"PropertyValueSpecification\",\"valueRequired\":true,\"valueName\":\"search_term_string\"}}],\"inLanguage\":\"fr-FR\"}]}<\/script>\n<!-- \/ Yoast SEO plugin. -->","yoast_head_json":{"title":"Nouvelle l\u00e9gislation - Autoecolehorizon.be","robots":{"index":"index","follow":"follow","max-snippet":"max-snippet:-1","max-image-preview":"max-image-preview:large","max-video-preview":"max-video-preview:-1"},"canonical":"https:\/\/test.zozothemes.com\/test6\/nouvelle-lgislation\/","og_locale":"fr_FR","og_type":"article","og_title":"Nouvelle l\u00e9gislation - Autoecolehorizon.be","og_description":"Nouvel examen de permis de conduire et nouvelle formation \u00e0 la conduite dans la R\u00e9gion de Bruxelles-Capitale Gr\u00e2ce \u00e0 une r\u00e9forme importante de la formation \u00e0..","og_url":"https:\/\/test.zozothemes.com\/test6\/nouvelle-lgislation\/","og_site_name":"Autoecolehorizon.be","article_modified_time":"2026-03-18T10:09:55+00:00","og_image":[{"url":"https:\/\/test.zozothemes.com\/test6\/wp-content\/uploads\/2026\/03\/Infographie_Permis_de_conduire_Bxl_2018_final.jpg","type":"","width":"","height":""}],"twitter_card":"summary_large_image","twitter_misc":{"Dur\u00e9e de lecture estim\u00e9e":"4 minutes"},"schema":{"@context":"https:\/\/schema.org","@graph":[{"@type":"WebPage","@id":"https:\/\/test.zozothemes.com\/test6\/nouvelle-lgislation\/","url":"https:\/\/test.zozothemes.com\/test6\/nouvelle-lgislation\/","name":"Nouvelle l\u00e9gislation - Autoecolehorizon.be","isPartOf":{"@id":"https:\/\/test.zozothemes.com\/test6\/#website"},"primaryImageOfPage":{"@id":"https:\/\/test.zozothemes.com\/test6\/nouvelle-lgislation\/#primaryimage"},"image":{"@id":"https:\/\/test.zozothemes.com\/test6\/nouvelle-lgislation\/#primaryimage"},"thumbnailUrl":"https:\/\/test.zozothemes.com\/test6\/wp-content\/uploads\/2026\/03\/Infographie_Permis_de_conduire_Bxl_2018_final.jpg","datePublished":"2026-03-18T09:17:59+00:00","dateModified":"2026-03-18T10:09:55+00:00","breadcrumb":{"@id":"https:\/\/test.zozothemes.com\/test6\/nouvelle-lgislation\/#breadcrumb"},"inLanguage":"fr-FR","potentialAction":[{"@type":"ReadAction","target":["https:\/\/test.zozothemes.com\/test6\/nouvelle-lgislation\/"]}]},{"@type":"ImageObject","inLanguage":"fr-FR","@id":"https:\/\/test.zozothemes.com\/test6\/nouvelle-lgislation\/#primaryimage","url":"https:\/\/test.zozothemes.com\/test6\/wp-content\/uploads\/2026\/03\/Infographie_Permis_de_conduire_Bxl_2018_final.jpg","contentUrl":"https:\/\/test.zozothemes.com\/test6\/wp-content\/uploads\/2026\/03\/Infographie_Permis_de_conduire_Bxl_2018_final.jpg","width":900,"height":1224},{"@type":"BreadcrumbList","@id":"https:\/\/test.zozothemes.com\/test6\/nouvelle-lgislation\/#breadcrumb","itemListElement":[{"@type":"ListItem","position":1,"name":"Home","item":"https:\/\/test.zozothemes.com\/test6\/"},{"@type":"ListItem","position":2,"name":"Nouvelle l\u00e9gislation"}]},{"@type":"WebSite","@id":"https:\/\/test.zozothemes.com\/test6\/#website","url":"https:\/\/test.zozothemes.com\/test6\/","name":"Autoecolehorizon.be","description":"","potentialAction":[{"@type":"SearchAction","target":{"@type":"EntryPoint","urlTemplate":"https:\/\/test.zozothemes.com\/test6\/?s={search_term_string}"},"query-input":{"@type":"PropertyValueSpecification","valueRequired":true,"valueName":"search_term_string"}}],"inLanguage":"fr-FR"}]}},"_links":{"self":[{"href":"https:\/\/test.zozothemes.com\/test6\/wp-json\/wp\/v2\/pages\/494","targetHints":{"allow":["GET"]}}],"collection":[{"href":"https:\/\/test.zozothemes.com\/test6\/wp-json\/wp\/v2\/pages"}],"about":[{"href":"https:\/\/test.zozothemes.com\/test6\/wp-json\/wp\/v2\/types\/page"}],"author":[{"embeddable":true,"href":"https:\/\/test.zozothemes.com\/test6\/wp-json\/wp\/v2\/users\/1"}],"replies":[{"embeddable":true,"href":"https:\/\/test.zozothemes.com\/test6\/wp-json\/wp\/v2\/comments?post=494"}],"version-history":[{"count":42,"href":"https:\/\/test.zozothemes.com\/test6\/wp-json\/wp\/v2\/pages\/494\/revisions"}],"predecessor-version":[{"id":540,"href":"https:\/\/test.zozothemes.com\/test6\/wp-json\/wp\/v2\/pages\/494\/revisions\/540"}],"wp:attachment":[{"href":"https:\/\/test.zozothemes.com\/test6\/wp-json\/wp\/v2\/media?parent=494"}],"curies":[{"name":"wp","href":"https:\/\/api.w.org\/{rel}","templated":true}]}}